{"id":5982,"date":"2025-06-12T04:04:21","date_gmt":"2025-06-12T04:04:21","guid":{"rendered":"https:\/\/meremuuseum.ee\/lennusadam\/?post_type=events&#038;p=5982"},"modified":"2025-10-15T13:36:49","modified_gmt":"2025-10-15T13:36:49","slug":"sunergiaseminar-muuseumid-laste-ja-noorte-karjaariteadlikkuse-toetajana","status":"publish","type":"events","link":"https:\/\/meremuuseum.ee\/lennusadam\/events\/sunergiaseminar-muuseumid-laste-ja-noorte-karjaariteadlikkuse-toetajana\/","title":{"rendered":"S\u00fcnergiaseminar: muuseumid laste ja noorte karj\u00e4\u00e4riteadlikkuse toetajana"},"content":{"rendered":"\n<h4 class=\"wp-block-heading\" id=\"13-november-kell-11-00-17-00-a77b87b6-7779-4604-889e-85dd8d626d6c\">13. november kell 11.00 &#8211; 17.00<\/h4>\n\n\n\n<h4 class=\"wp-block-heading\" id=\"lennusadama-seminariruumis-sireen-01075ba5-41d6-42ab-83b0-8db9603b37c7\">Lennusadama seminariruumis Sireen<\/h4>\n\n\n\n<figure class=\"wp-block-image size-large\"><img loading=\"lazy\" decoding=\"async\" width=\"700\" height=\"439\" src=\"https:\/\/meremuuseum.ee\/lennusadam\/wp-content\/uploads\/sites\/4\/2025\/06\/koduk_synergiaseminarls_2025_853x533px-700x439.jpg\" alt=\"\" class=\"wp-image-6238\" srcset=\"https:\/\/meremuuseum.ee\/lennusadam\/wp-content\/uploads\/sites\/4\/2025\/06\/koduk_synergiaseminarls_2025_853x533px-700x439.jpg 700w, https:\/\/meremuuseum.ee\/lennusadam\/wp-content\/uploads\/sites\/4\/2025\/06\/koduk_synergiaseminarls_2025_853x533px-250x157.jpg 250w, https:\/\/meremuuseum.ee\/lennusadam\/wp-content\/uploads\/sites\/4\/2025\/06\/koduk_synergiaseminarls_2025_853x533px-768x482.jpg 768w, https:\/\/meremuuseum.ee\/lennusadam\/wp-content\/uploads\/sites\/4\/2025\/06\/koduk_synergiaseminarls_2025_853x533px-120x75.jpg 120w, https:\/\/meremuuseum.ee\/lennusadam\/wp-content\/uploads\/sites\/4\/2025\/06\/koduk_synergiaseminarls_2025_853x533px-480x301.jpg 480w, https:\/\/meremuuseum.ee\/lennusadam\/wp-content\/uploads\/sites\/4\/2025\/06\/koduk_synergiaseminarls_2025_853x533px.jpg 856w\" sizes=\"auto, (max-width: 700px) 100vw, 700px\" \/><\/figure>\n\n\n\n<p>13. novembril 2025 ootab Eesti Meremuuseum kaasa m\u00f5tlema karj\u00e4\u00e4riteadlikkuse teemadel. On teada, et muuseumites, keskkonnahariduskeskustes jt teadus- ja kultuuriasutustes v\u00f5ivad lapsed ja noored avastada enda jaoks uusi huvipakkuvaid teemasid v\u00f5i leida kinnitust juba varem v\u00e4ljakujunenud erihuvidele. Ehkki muuseumite \u00fclesanne ei ole kindlaid t\u00f6\u00f6kohti v\u00f5i \u00f5pinguv\u00f5imalusi reklaamida, on igas vanuses \u00f5ppijate silmaringi avardamine ja elukestva \u00f5ppe toetamine nende igap\u00e4evane t\u00f6\u00f6. Muuseumite roll laste ja noorte inspireerimisel on v\u00e4ga oluline, sest kodus ja koolis ei pruugi nad v\u00e4ga paljude p\u00f5nevate karj\u00e4\u00e4riv\u00f5imalustega \u00fcldse tutvuda.<\/p>\n\n\n\n<p>T\u00f6\u00f6eluga seotud teemasid k\u00e4sitletakse juba t\u00e4na Eesti muuseumite haridust\u00f6\u00f6s mitmekesistel viisidel, kuid omavahel on selles osas m\u00f5tteid vahetatud veel v\u00e4he. S\u00fcnergiaseminaril saame \u00fcheskoos arutada, kas ja kuidas kaasata erasektorit, kuidas ajalugu tulevikut\u00f6\u00f6dega siduda, mil moel t\u00f6\u00f6elu ainestikku s\u00e4\u00e4stva arengu haridusega l\u00f5imida ning millist tuge vajaksid muuseumite haridust\u00f6\u00f6tajad karj\u00e4\u00e4riteemade k\u00e4sitlemisel.<\/p>\n\n\n\n<p>\u00dcles astuvad karj\u00e4\u00e4rivaldkonna praktikud ja teoreetikud ning aruteluringi on oodatud k\u00f5ik huvilised. <\/p>\n\n\n\n<p>Tegemist on j\u00e4rjekorras 4. Eesti Meremuuseumi s\u00fcnergiaseminariga, varasematel aastatel oleme koolide, muuseumite, \u00fclikoolide ja teiste huvitatud osapoolte vahel s\u00fcnergiat loonud l\u00f5imitud aine- ja keele\u00f5ppe ning kaasava hariduse teemadel.<\/p>\n\n\n\n<p>Osalustasu on 10 eurot, mis katab toitlustuse.<\/p>\n\n\n\n<p>Registreerimine on avatud! Seminari on v\u00f5imalik j\u00e4lgida ka tasuta veebist. Lingi lisame hiljem.&nbsp;<\/p>\n\n\n\n<figure class=\"wp-block-image size-large\"><img loading=\"lazy\" decoding=\"async\" width=\"700\" height=\"467\" src=\"https:\/\/meremuuseum.ee\/lennusadam\/wp-content\/uploads\/sites\/4\/2025\/06\/lennusadam-sunergia-seminar-41-700x467.jpg\" alt=\"\" class=\"wp-image-5984\" srcset=\"https:\/\/meremuuseum.ee\/lennusadam\/wp-content\/uploads\/sites\/4\/2025\/06\/lennusadam-sunergia-seminar-41-700x467.jpg 700w, https:\/\/meremuuseum.ee\/lennusadam\/wp-content\/uploads\/sites\/4\/2025\/06\/lennusadam-sunergia-seminar-41-250x167.jpg 250w, https:\/\/meremuuseum.ee\/lennusadam\/wp-content\/uploads\/sites\/4\/2025\/06\/lennusadam-sunergia-seminar-41-768x512.jpg 768w, https:\/\/meremuuseum.ee\/lennusadam\/wp-content\/uploads\/sites\/4\/2025\/06\/lennusadam-sunergia-seminar-41-1536x1024.jpg 1536w, https:\/\/meremuuseum.ee\/lennusadam\/wp-content\/uploads\/sites\/4\/2025\/06\/lennusadam-sunergia-seminar-41-2048x1365.jpg 2048w, https:\/\/meremuuseum.ee\/lennusadam\/wp-content\/uploads\/sites\/4\/2025\/06\/lennusadam-sunergia-seminar-41-120x80.jpg 120w, https:\/\/meremuuseum.ee\/lennusadam\/wp-content\/uploads\/sites\/4\/2025\/06\/lennusadam-sunergia-seminar-41-480x320.jpg 480w\" sizes=\"auto, (max-width: 700px) 100vw, 700px\" \/><\/figure>\n\n\n\n\n\n\n<h3 class=\"wp-block-heading\">Kava<\/h3>\n\n\n\n<ul class=\"wp-block-list\">\n<li>10.30-11.00 Registreerumine ja tervituskohv \u00f5pperuumis Sireen<\/li>\n\n\n\n<li>11.00 &#8211; 11.10 Tervitus ja sissejuhatus <em>Helene Uppin ja Kristel Bultot (Eesti Meremuuseum)<\/em><\/li>\n\n\n\n<li>11.10 &#8211; 11.40 \u201cKarj\u00e4\u00e4rip\u00e4devuste arengu toetamine: raamistik ja tegelik seis\u201d <em>Margit Rammo (HARNO, Euroguidance)&nbsp;<\/em><\/li>\n\n\n\n<li>11.40 &#8211; 12.10 &#8220;Uurimist\u00f6\u00f6de juhendamine kui v\u00f5imalus tekitada, hoida ja s\u00fcvendada \u00f5pilaste erihuvisid&#8221; <em>Katrin Saart (ETAG)<\/em><\/li>\n\n\n\n<li>12.10 &#8211; 12.40 &#8220;Muuseumisharidus t\u00f6\u00f6elu tutvustajana Soome n\u00e4itel\u201d <em>Tommi Rikkinen (Soome Tehnikamuuseum\/Tekniikan Museo)<\/em><\/li>\n\n\n\n<li>12.40 &#8211; 13.30 L\u00f5una Lennusadama kohvikus Maru<\/li>\n\n\n\n<li>13.30 &#8211; 14.00 \u201cNoored muuseumis &#8211; mitte lihtsalt k\u00fclastajad&#8221; <em>Ivo Lille (Vabamu)<\/em><\/li>\n\n\n\n<li>14.00 &#8211; 14.30 \u201cKuidas suunata lapsi vaatama oma kutsevalikutes rohkem mere poole?&#8221; <em>Ingeldrin Aug (V\u00f5su Kool)<\/em><\/li>\n\n\n\n<li>14.30 &#8211; 15.00 &#8220;Dialoog teadlastega &#8211; muuseumite\u00fclene arheoloogiaklubi p\u00f5hikooli \u00f5pilastele&#8221; <em>Ulla Kadakas (Eesti Ajaloomuuseum), Priit L\u00e4tti (Eesti Meremuuseum) ja K\u00fcllike Tint (Tallinna Linnamuuseum)<\/em><\/li>\n\n\n\n<li>15.00 &#8211; 16.00 L\u00f5petamine, \u00f5ppetundide s\u00f5nastamine<\/li>\n\n\n\n<li>16.00 &#8211; 17.00 Ekskursioon<\/li>\n<\/ul>\n\n\n\n<h3 class=\"wp-block-heading\">Esinejad<\/h3>\n\n\n\n<p><strong>Kristel Bultot (Eesti Meremuuseum)<\/strong><\/p>\n\n\n\n<p><img loading=\"lazy\" decoding=\"async\" src=\"https:\/\/meremuuseum.ee\/wp-content\/uploads\/2023\/09\/sits4821c-scaled.jpg\" alt=\"Kristel Bultot loob ja arendab alates Eesti Meremuuseumis koolidele ja lasteaedadele suunatud \u00f5ppekavaga haakuvat haridust\u00f6\u00f6d. Siirdudes neli aastat tagasi koolist endalegi m\u00f5neti ootamatult hoopis muuseumisse, sukeldus Kristel pea ees m\u00e4luasutustes pakutava hariduse v\u00f5imalustesse ja t\u00f5deb iga p\u00e4ev, et see valdkond on tohutult lai ja p\u00f5nev. Kristeli fookuses on viimastel aastatel olnud eestikeelsele \u00f5ppele \u00fclemineku toetamine muuseumite haridust\u00f6\u00f6 kaudu ja seda eriti muuseumide-koolide koost\u00f6\u00f6s. Karj\u00e4\u00e4riteadlikkuse edendamine on samuti muuseumi toetust ja koost\u00f6\u00f6d vajav valdkond, mille poole p\u00fc\u00fcelda.\" width=\"396\" height=\"264\"><br>Kristel Bultot loob ja arendab alates Eesti Meremuuseumis koolidele ja lasteaedadele suunatud \u00f5ppekavaga haakuvat haridust\u00f6\u00f6d. Siirdudes neli aastat tagasi koolist endalegi m\u00f5neti ootamatult hoopis muuseumisse, sukeldus Kristel pea ees m\u00e4luasutustes pakutava hariduse v\u00f5imalustesse ja t\u00f5deb iga p\u00e4ev, et see valdkond on tohutult lai ja p\u00f5nev. Kristeli fookuses on viimastel aastatel olnud eestikeelsele \u00f5ppele \u00fclemineku toetamine muuseumite haridust\u00f6\u00f6 kaudu ja seda eriti muuseumide-koolide koost\u00f6\u00f6s. Karj\u00e4\u00e4riteadlikkuse edendamine on samuti muuseumi toetust ja koost\u00f6\u00f6d vajav valdkond, mille poole p\u00fc\u00fcelda.<\/p>\n\n\n\n<p><strong>Helene Uppin (Eesti Meremuuseum \/ Tallinna \u00dclikool)<\/strong><\/p>\n\n\n\n<p><img loading=\"lazy\" decoding=\"async\" src=\"https:\/\/meremuuseum.ee\/wp-content\/uploads\/2025\/06\/sits9715ckoduleht-scaled.jpg\" alt=\"\" width=\"428\" height=\"285\"><br>Helene Uppin suunab juba \u00fcle 10 aasta Eesti Meremuuseumi haridust\u00f6\u00f6 hoovuseid, toetab k\u00fclastusjuhtide pedagoogilist t\u00e4iend\u00f5pet, korraldab loengu\u00f5htuid t\u00e4iskasvanutele ja vaatab igatsevalt merd. Vabal ajal on ta loodusainete lektor Tallinna \u00dclikoolis ning p\u00fc\u00fcdleb kasvatusteaduste doktorikraadi suunas \u00f5ppek\u00e4ikude uurijana \u2013 seniste uuringutega saab tutvuda <a href=\"https:\/\/www.etis.ee\/CV\/Helene_Uppin\/est\/\">siin<\/a>. foto olemas<\/p>\n\n\n\n<p><strong>Margit Rammo (Haridus- ja Noorteamet)<\/strong><\/p>\n\n\n\n<p>Margit seisab <a href=\"https:\/\/eur02.safelinks.protection.outlook.com\/?url=http%3A%2F%2Fwww.euroguidance.ee%2F&amp;data=05%7C02%7Chelene%40meremuuseum.ee%7Cb7fbb6a082a348d472d608ddef7c1ad1%7C40bbfa49c8064adcb489a628b00a49f1%7C0%7C0%7C638930038499459656%7CUnknown%7CTWFpbGZsb3d8eyJFbXB0eU1hcGkiOnRydWUsIlYiOiIwLjAuMDAwMCIsIlAiOiJXaW4zMiIsIkFOIjoiTWFpbCIsIldUIjoyfQ%3D%3D%7C0%7C%7C%7C&amp;sdata=Yzn9igNPvegtCBYq4Hx4FBT5w7e5V6Jj1dSnaiUNZt8%3D&amp;reserved=0\">Euroguidance-<\/a>programmi juhina karj\u00e4\u00e4rivaldkonna rahvusvahelistumise ja kogukonna kompetentsuse eest. \u00dcleeuroopalise v\u00f5rgustiku esindusena on keskus avatud k\u00f5igile, keda huvitab rahvusvaheline koost\u00f6\u00f6 karj\u00e4\u00e4riteenuste valdkonnas \u2013 olgu eesm\u00e4rgiks leida inspireerivaid praktikaid teistest riikidest v\u00f5i laiendada oma partnerite ringi. Eesti Karj\u00e4\u00e4rin\u00f5ustajate \u00dchingu juhatuse liikmena keskendub ta karj\u00e4\u00e4ri\u00f5ppele ja on kaasautor v\u00e4rskelt valminud juhendmaterjalile <a href=\"https:\/\/eur02.safelinks.protection.outlook.com\/?url=https%3A%2F%2Fwww.kny.ee%2Fuudis%2Fsuur-samm-edasi-opilaste-karjaari-kujundamise-toetamise-teel%2F&amp;data=05%7C02%7Chelene%40meremuuseum.ee%7Cb7fbb6a082a348d472d608ddef7c1ad1%7C40bbfa49c8064adcb489a628b00a49f1%7C0%7C0%7C638930038499489829%7CUnknown%7CTWFpbGZsb3d8eyJFbXB0eU1hcGkiOnRydWUsIlYiOiIwLjAuMDAwMCIsIlAiOiJXaW4zMiIsIkFOIjoiTWFpbCIsIldUIjoyfQ%3D%3D%7C0%7C%7C%7C&amp;sdata=HNEILneezmJBLS3K9SdOb9VvoMHKY1qhLaC%2BaFjnCLY%3D&amp;reserved=0\">\u00d5pilaste karj\u00e4\u00e4rip\u00e4devuste arengu toetamine<\/a>: soovitused karj\u00e4\u00e4riteenuste s\u00fcsteemi loomiseks koolis autoreid. Juhendit tutvustava veebiseminari&nbsp;<a href=\"https:\/\/eur02.safelinks.protection.outlook.com\/?url=https%3A%2F%2Fwww.youtube.com%2Fwatch%3Fv%3DQs75jj6GtCw%26list%3DPLwyEA_bBMcYHDyQi4PJkUY_KL85eE-Iil%26index%3D7%26t%3D267s&amp;data=05%7C02%7Chelene%40meremuuseum.ee%7Cb7fbb6a082a348d472d608ddef7c1ad1%7C40bbfa49c8064adcb489a628b00a49f1%7C0%7C0%7C638930038499513441%7CUnknown%7CTWFpbGZsb3d8eyJFbXB0eU1hcGkiOnRydWUsIlYiOiIwLjAuMDAwMCIsIlAiOiJXaW4zMiIsIkFOIjoiTWFpbCIsIldUIjoyfQ%3D%3D%7C0%7C%7C%7C&amp;sdata=Vhp6L%2FMSzYLppFjboV0NUoJSz22wnqblMoKnq9wqzyA%3D&amp;reserved=0\">Karj\u00e4\u00e4riteenuste roll koolis: \u00d5pilase toetamine individuaalse \u00f5pitee kujundamisel<\/a> salvestus on k\u00e4ttesaadav sarjas Distantsilt targemaks.<\/p>\n\n\n\n<p><strong>Tommi Rikkinen (Soome Tehnikamuuseum \/ Tekniikan Museo)<\/strong><\/p>\n\n\n\n<figure class=\"wp-block-image is-resized is-style-default\"><img decoding=\"async\" src=\"https:\/\/meremuuseum.ee\/wp-content\/uploads\/2025\/06\/image004-scaled.jpg\" alt=\"\" class=\"wp-image-37229\" style=\"width:365px;height:auto\"\/><\/figure>\n\n\n\n<p>Tommi t\u00f6\u00f6tab muuseumipedagoogina Helsingi Tehnikamuuseumis. Tema t\u00f6\u00f6 keskendub HOW \u00f5pikeskkonnale, kus loodusteadused, matemaatika ja tehnoloogia on \u00fchendatud k\u00e4ed-k\u00fclge \u00f5ppega. Selle enam kui 10 erinevat t\u00f6\u00f6jaama loovad muuseumis interaktiivse keskkonna, mis \u00f5petab s\u00e4\u00e4stva keskkonnaarengu jaoks olulisi oskusi. Muuseumiruumis \u00f5ppimine seob STEAM-teemad konkreetselt praeguste ja tulevaste v\u00e4ljakutsete ning karj\u00e4\u00e4riv\u00f5imalustega. HOW sisu on loodud spetsiaalselt 10\u201315-aastastele ja see on v\u00e4lja t\u00f6\u00f6tatud koost\u00f6\u00f6s Soome juhtivate STEAM-organisatsioonidega. \u00d5pikeskkonna eesm\u00e4rk on luua teaduskapitali ning inspireerida lapsi ja noori juba varakult teadusega tegelema.<\/p>\n\n\n\n<p>Tommil on teadmised ja kogemused ka teises \u200b\u200b\u200b\u200b olulises valdkonnas, milleks on <em>futures thinking<\/em> (tulevikustsenaariumide) rakendamine muuseumiruumis. Ta on v\u00e4lja t\u00f6\u00f6tanud teenuse \u201eUtoopia v\u00f5i d\u00fcstoopia\u201c, mis kasutab muuseumikeskkonda uudishimust l\u00e4htuvas, tulevikuteemalises grupidialoogis.<\/p>\n\n\n\n<p><strong>Katrin Saart (Eesti Teadusagentuur)<\/strong><\/p>\n\n\n\n<p><img loading=\"lazy\" decoding=\"async\" src=\"https:\/\/meremuuseum.ee\/wp-content\/uploads\/2025\/06\/katrin-saart.jpg\" alt=\"\" width=\"260\" height=\"390\"><br>Katrin on Eesti Teadusagentuuri teadushariduse valdkonna juht. Katrin suhtub kirglikult teadushuviharidusse ja \u00f5pilasteadusesse, toetab p\u00e4ris pisikesi leiutajaid ja innustab noori teadlasi, kes veel ehk ei teagi, et on kasvamas teadlasteks. Katrini eestvedamisel on koostatud ka kogumik \u201c<a href=\"https:\/\/www.etag.ee\/wp-content\/uploads\/2019\/10\/ETAg_Teadushuviharidus_170x240_veebi.pdf\">Kvaliteetsem teadushuviharidus<\/a>\u201d, millega saab tutvuda veebis!<\/p>\n\n\n\n<p><strong>Ingeldrin Aug (V\u00f5su Kool)<\/strong><\/p>\n\n\n\n<figure class=\"wp-block-image size-large is-resized\"><img loading=\"lazy\" decoding=\"async\" width=\"700\" height=\"466\" src=\"https:\/\/meremuuseum.ee\/lennusadam\/wp-content\/uploads\/sites\/4\/2025\/06\/ingeldrin-aug-700x466.jpg\" alt=\"\" class=\"wp-image-6241\" style=\"width:512px;height:auto\" srcset=\"https:\/\/meremuuseum.ee\/lennusadam\/wp-content\/uploads\/sites\/4\/2025\/06\/ingeldrin-aug-700x466.jpg 700w, https:\/\/meremuuseum.ee\/lennusadam\/wp-content\/uploads\/sites\/4\/2025\/06\/ingeldrin-aug-250x166.jpg 250w, https:\/\/meremuuseum.ee\/lennusadam\/wp-content\/uploads\/sites\/4\/2025\/06\/ingeldrin-aug-768x511.jpg 768w, https:\/\/meremuuseum.ee\/lennusadam\/wp-content\/uploads\/sites\/4\/2025\/06\/ingeldrin-aug-1536x1022.jpg 1536w, https:\/\/meremuuseum.ee\/lennusadam\/wp-content\/uploads\/sites\/4\/2025\/06\/ingeldrin-aug-120x80.jpg 120w, https:\/\/meremuuseum.ee\/lennusadam\/wp-content\/uploads\/sites\/4\/2025\/06\/ingeldrin-aug-480x320.jpg 480w, https:\/\/meremuuseum.ee\/lennusadam\/wp-content\/uploads\/sites\/4\/2025\/06\/ingeldrin-aug.jpg 1600w\" sizes=\"auto, (max-width: 700px) 100vw, 700px\" \/><\/figure>\n\n\n\n<p>Ingeldrin on kirglik merehariduse edendaja, kes on algatanud V\u00f5su koolis merenduse \u00f5ppekava ning aidanud sellega taaselustada K\u00e4smu lahe piirkonna traditsioonilise merendus\u00f5petuse. T\u00e4na on ta loomingulisel pausil maailma ookeanidel, vaadeldes, kuidas eri paigus inimesed elavad n\u00e4oga mere poole ja ammutab sellest inspiratsiooni oma t\u00f6\u00f6ks noorte merele toomisel. Ta on juhtinud r\u00e4ndavat <em>pop-up<\/em> merekooli Meres\u00f5ber, mis on \u00fcks edukatest merekultuuriaasta algatustest. Lisaks veab ta TalTechi Mereakadeemia taskuh\u00e4\u00e4lingut, mis avab noortele uksi mereakadeemiasse. Ingeldrin on purjetamistreener Hara Seilamise Seltsis, navigatsioonihooajal leiab teda merelt v\u00f5istlusametnikuna regatte korraldades ning ligi k\u00fcmme aastat on ta tegev olnud vabatahtliku merep\u00e4\u00e4stjana. Tema kogemus merenduses ulatub ka v\u00e4ikesadamate majandamise ja kogukondade arendamiseni. Seminaril keskendub Ingeldrin sellele, kuidas kasvatada noortes karj\u00e4\u00e4riteadlikkust ja julgust vaadata oma kutsevalikutes rohkem mere poole.<\/p>\n\n\n\n<p><strong>Ivo Lille (Vabamu)<\/strong><\/p>\n\n\n\n<p><img loading=\"lazy\" decoding=\"async\" src=\"https:\/\/meremuuseum.ee\/wp-content\/uploads\/2025\/06\/ivo-10-scaled.jpg\" alt=\"\" width=\"419\" height=\"279\"><br>Ivo on Vabamu tegevjuht. Vabamu eesm\u00e4rk on Eesti vabaduse s\u00e4ilitamine n\u00e4ituste, haridusprogrammide ja rahvusvahelise koost\u00f6\u00f6 kaudu. Selleks, et noori paremini teemaga siduda, r\u00e4\u00e4gime t\u00e4nap\u00e4evast ja tulevikust mineviku \u00f5ppetundide kaudu (vt <a href=\"https:\/\/nova.vabamu.ee\/kursused\/meie-voitlus-desinformatsiooniga-meedia-ja-infokirjaoskuse-kursus\/\">NOVA kursused)<\/a> ning laseme neil ise <a href=\"https:\/\/nova.vabamu.ee\/study-bites\/usa-presidendivalimiste-labimang-vabamus\/\">s\u00fcndmusi l\u00e4bi viia<\/a>, luua <a href=\"https:\/\/nova.vabamu.ee\/%C3%BCritused\/huppelaud-suvekool\/\">uusi tooteid<\/a> ja \u00f5ppida <a href=\"https:\/\/nova.vabamu.ee\/\">iseseisvalt<\/a>.<\/p>\n\n\n\n<p><strong>Priit L\u00e4tti (Eesti Meremuuseum)<\/strong><\/p>\n\n\n\n<p><img loading=\"lazy\" decoding=\"async\" src=\"https:\/\/meremuuseum.ee\/wp-content\/uploads\/2023\/09\/priit-latti.jpg\" alt=\"\" width=\"324\" height=\"432\"><br>Priit L\u00e4tti on arheoloog, teadur ja ajaloo\u00f5petaja, tema uudishimu teravik on suunatud laevavrakkidele, eriti sellistele, mida v\u00f5ib leida vee alt &#8211; m\u00f5nikord aga sellistele, mis tulevad v\u00e4lja maa seest!<\/p>\n\n\n\n<p><strong>Ulla Kadakas (Eesti Ajaloomuuseum)<\/strong><\/p>\n\n\n\n<p>Ulla on muuseumis teadur-kuraator ning ka arheoloogiakogu hoidja. Meil muuseumit\u00f6\u00f6tajatena on privileeg olla vahetus kontaktis Eesti kultuurip\u00e4randiga, saadud teadmisi ja emotsioone tuleb jagada v\u00f5imalikult paljudega, eri viisil (n\u00e4itused, tr\u00fckised, audiovisuaal jne), kuid ka otse, nt p\u00f5hikoolis \u00f5ppivatele noortele arheoloogiaringi abil. L\u00e4htume p\u00f5him\u00f5ttest, et kultuurip\u00e4randi hoid algab teadmistest \u2013 mida varem neid koguma hakatakse, seda m\u00f5testatumalt minevikup\u00e4randisse osatakse suhtuda. &nbsp;<\/p>\n\n\n\n<p><strong>K\u00fcllike Tint (Tallinna Linnamuuseum)<\/strong><\/p>\n\n\n\n<p>K\u00fcllike t\u00f6\u00f6tab Tallinna Linnamuuseumis arheoloogiakogu hoidjana, keskendudes peamiselt arheoloogiliste esemete korrastamisele ja haldamisele. Lisaks on ta aktiivselt panustanud arheoloogia populariseerimisse, korraldades muuhulgas \u00f5pilastele suunatud ajalooteemalisi v\u00f5istlusi ja haridusprojekte.<\/p>\n","protected":false},"excerpt":{"rendered":"13. november kell 11.00 &#8211; 17.00 Lennusadama seminariruumis Sireen 13. novembril 2025 ootab Eesti Meremuuseum kaasa m\u00f5tlema karj\u00e4\u00e4riteadlikkuse teemadel. On teada, et muuseumites, keskkonnahariduskeskustes jt teadus- ja kultuuriasutustes v\u00f5ivad lapsed&#8230;","protected":false},"author":5,"featured_media":0,"template":"","tags":[46],"events_categories":[],"class_list":["post-5982","events","type-events","status-publish","hentry","tag-seminar"],"acf":[],"yoast_head":"<!-- This site is optimized with the Yoast SEO plugin v26.6 - https:\/\/yoast.com\/wordpress\/plugins\/seo\/ -->\n<title>S\u00fcnergiaseminar: muuseumid laste ja noorte karj\u00e4\u00e4riteadlikkuse toetajana - Lennusadam<\/title>\n<meta name=\"robots\" content=\"index, follow, max-snippet:-1, max-image-preview:large, max-video-preview:-1\" \/>\n<link rel=\"canonical\" href=\"https:\/\/meremuuseum.ee\/lennusadam\/events\/sunergiaseminar-muuseumid-laste-ja-noorte-karjaariteadlikkuse-toetajana\/\" \/>\n<meta property=\"og:locale\" content=\"et_EE\" \/>\n<meta property=\"og:type\" content=\"article\" \/>\n<meta property=\"og:title\" content=\"S\u00fcnergiaseminar: muuseumid laste ja noorte karj\u00e4\u00e4riteadlikkuse toetajana - Lennusadam\" \/>\n<meta property=\"og:description\" content=\"13. november kell 11.00 &#8211; 17.00 Lennusadama seminariruumis Sireen 13. novembril 2025 ootab Eesti Meremuuseum kaasa m\u00f5tlema karj\u00e4\u00e4riteadlikkuse teemadel. On teada, et muuseumites, keskkonnahariduskeskustes jt teadus- ja kultuuriasutustes v\u00f5ivad lapsed...\" \/>\n<meta property=\"og:url\" content=\"https:\/\/meremuuseum.ee\/lennusadam\/events\/sunergiaseminar-muuseumid-laste-ja-noorte-karjaariteadlikkuse-toetajana\/\" \/>\n<meta property=\"og:site_name\" content=\"Lennusadam\" \/>\n<meta property=\"article:modified_time\" content=\"2025-10-15T13:36:49+00:00\" \/>\n<meta property=\"og:image\" content=\"https:\/\/meremuuseum.ee\/lennusadam\/wp-content\/uploads\/sites\/4\/2025\/06\/koduk_synergiaseminarls_2025_853x533px.jpg\" \/>\n\t<meta property=\"og:image:width\" content=\"856\" \/>\n\t<meta property=\"og:image:height\" content=\"537\" \/>\n\t<meta property=\"og:image:type\" content=\"image\/jpeg\" \/>\n<meta name=\"twitter:card\" content=\"summary_large_image\" \/>\n<meta name=\"twitter:label1\" content=\"Est. reading time\" \/>\n\t<meta name=\"twitter:data1\" content=\"8 minutit\" \/>\n<script type=\"application\/ld+json\" class=\"yoast-schema-graph\">{\"@context\":\"https:\/\/schema.org\",\"@graph\":[{\"@type\":\"WebPage\",\"@id\":\"https:\/\/meremuuseum.ee\/lennusadam\/events\/sunergiaseminar-muuseumid-laste-ja-noorte-karjaariteadlikkuse-toetajana\/\",\"url\":\"https:\/\/meremuuseum.ee\/lennusadam\/events\/sunergiaseminar-muuseumid-laste-ja-noorte-karjaariteadlikkuse-toetajana\/\",\"name\":\"S\u00fcnergiaseminar: muuseumid laste ja noorte karj\u00e4\u00e4riteadlikkuse toetajana - Lennusadam\",\"isPartOf\":{\"@id\":\"https:\/\/meremuuseum.ee\/lennusadam\/#website\"},\"primaryImageOfPage\":{\"@id\":\"https:\/\/meremuuseum.ee\/lennusadam\/events\/sunergiaseminar-muuseumid-laste-ja-noorte-karjaariteadlikkuse-toetajana\/#primaryimage\"},\"image\":{\"@id\":\"https:\/\/meremuuseum.ee\/lennusadam\/events\/sunergiaseminar-muuseumid-laste-ja-noorte-karjaariteadlikkuse-toetajana\/#primaryimage\"},\"thumbnailUrl\":\"https:\/\/meremuuseum.ee\/lennusadam\/wp-content\/uploads\/sites\/4\/2025\/06\/koduk_synergiaseminarls_2025_853x533px-700x439.jpg\",\"datePublished\":\"2025-06-12T04:04:21+00:00\",\"dateModified\":\"2025-10-15T13:36:49+00:00\",\"breadcrumb\":{\"@id\":\"https:\/\/meremuuseum.ee\/lennusadam\/events\/sunergiaseminar-muuseumid-laste-ja-noorte-karjaariteadlikkuse-toetajana\/#breadcrumb\"},\"inLanguage\":\"et\",\"potentialAction\":[{\"@type\":\"ReadAction\",\"target\":[\"https:\/\/meremuuseum.ee\/lennusadam\/events\/sunergiaseminar-muuseumid-laste-ja-noorte-karjaariteadlikkuse-toetajana\/\"]}]},{\"@type\":\"ImageObject\",\"inLanguage\":\"et\",\"@id\":\"https:\/\/meremuuseum.ee\/lennusadam\/events\/sunergiaseminar-muuseumid-laste-ja-noorte-karjaariteadlikkuse-toetajana\/#primaryimage\",\"url\":\"https:\/\/meremuuseum.ee\/lennusadam\/wp-content\/uploads\/sites\/4\/2025\/06\/koduk_synergiaseminarls_2025_853x533px.jpg\",\"contentUrl\":\"https:\/\/meremuuseum.ee\/lennusadam\/wp-content\/uploads\/sites\/4\/2025\/06\/koduk_synergiaseminarls_2025_853x533px.jpg\",\"width\":856,\"height\":537},{\"@type\":\"BreadcrumbList\",\"@id\":\"https:\/\/meremuuseum.ee\/lennusadam\/events\/sunergiaseminar-muuseumid-laste-ja-noorte-karjaariteadlikkuse-toetajana\/#breadcrumb\",\"itemListElement\":[{\"@type\":\"ListItem\",\"position\":1,\"name\":\"Home\",\"item\":\"https:\/\/meremuuseum.ee\/lennusadam\/\"},{\"@type\":\"ListItem\",\"position\":2,\"name\":\"\u00dcritused\",\"item\":\"https:\/\/meremuuseum.ee\/lennusadam\/events\/\"},{\"@type\":\"ListItem\",\"position\":3,\"name\":\"S\u00fcnergiaseminar: muuseumid laste ja noorte karj\u00e4\u00e4riteadlikkuse toetajana\"}]},{\"@type\":\"WebSite\",\"@id\":\"https:\/\/meremuuseum.ee\/lennusadam\/#website\",\"url\":\"https:\/\/meremuuseum.ee\/lennusadam\/\",\"name\":\"Lennusadam\",\"description\":\"\",\"potentialAction\":[{\"@type\":\"SearchAction\",\"target\":{\"@type\":\"EntryPoint\",\"urlTemplate\":\"https:\/\/meremuuseum.ee\/lennusadam\/?s={search_term_string}\"},\"query-input\":{\"@type\":\"PropertyValueSpecification\",\"valueRequired\":true,\"valueName\":\"search_term_string\"}}],\"inLanguage\":\"et\"}]}<\/script>\n<!-- \/ Yoast SEO plugin. -->","yoast_head_json":{"title":"S\u00fcnergiaseminar: muuseumid laste ja noorte karj\u00e4\u00e4riteadlikkuse toetajana - Lennusadam","robots":{"index":"index","follow":"follow","max-snippet":"max-snippet:-1","max-image-preview":"max-image-preview:large","max-video-preview":"max-video-preview:-1"},"canonical":"https:\/\/meremuuseum.ee\/lennusadam\/events\/sunergiaseminar-muuseumid-laste-ja-noorte-karjaariteadlikkuse-toetajana\/","og_locale":"et_EE","og_type":"article","og_title":"S\u00fcnergiaseminar: muuseumid laste ja noorte karj\u00e4\u00e4riteadlikkuse toetajana - Lennusadam","og_description":"13. november kell 11.00 &#8211; 17.00 Lennusadama seminariruumis Sireen 13. novembril 2025 ootab Eesti Meremuuseum kaasa m\u00f5tlema karj\u00e4\u00e4riteadlikkuse teemadel. On teada, et muuseumites, keskkonnahariduskeskustes jt teadus- ja kultuuriasutustes v\u00f5ivad lapsed...","og_url":"https:\/\/meremuuseum.ee\/lennusadam\/events\/sunergiaseminar-muuseumid-laste-ja-noorte-karjaariteadlikkuse-toetajana\/","og_site_name":"Lennusadam","article_modified_time":"2025-10-15T13:36:49+00:00","og_image":[{"width":856,"height":537,"url":"https:\/\/meremuuseum.ee\/lennusadam\/wp-content\/uploads\/sites\/4\/2025\/06\/koduk_synergiaseminarls_2025_853x533px.jpg","type":"image\/jpeg"}],"twitter_card":"summary_large_image","twitter_misc":{"Est. reading time":"8 minutit"},"schema":{"@context":"https:\/\/schema.org","@graph":[{"@type":"WebPage","@id":"https:\/\/meremuuseum.ee\/lennusadam\/events\/sunergiaseminar-muuseumid-laste-ja-noorte-karjaariteadlikkuse-toetajana\/","url":"https:\/\/meremuuseum.ee\/lennusadam\/events\/sunergiaseminar-muuseumid-laste-ja-noorte-karjaariteadlikkuse-toetajana\/","name":"S\u00fcnergiaseminar: muuseumid laste ja noorte karj\u00e4\u00e4riteadlikkuse toetajana - Lennusadam","isPartOf":{"@id":"https:\/\/meremuuseum.ee\/lennusadam\/#website"},"primaryImageOfPage":{"@id":"https:\/\/meremuuseum.ee\/lennusadam\/events\/sunergiaseminar-muuseumid-laste-ja-noorte-karjaariteadlikkuse-toetajana\/#primaryimage"},"image":{"@id":"https:\/\/meremuuseum.ee\/lennusadam\/events\/sunergiaseminar-muuseumid-laste-ja-noorte-karjaariteadlikkuse-toetajana\/#primaryimage"},"thumbnailUrl":"https:\/\/meremuuseum.ee\/lennusadam\/wp-content\/uploads\/sites\/4\/2025\/06\/koduk_synergiaseminarls_2025_853x533px-700x439.jpg","datePublished":"2025-06-12T04:04:21+00:00","dateModified":"2025-10-15T13:36:49+00:00","breadcrumb":{"@id":"https:\/\/meremuuseum.ee\/lennusadam\/events\/sunergiaseminar-muuseumid-laste-ja-noorte-karjaariteadlikkuse-toetajana\/#breadcrumb"},"inLanguage":"et","potentialAction":[{"@type":"ReadAction","target":["https:\/\/meremuuseum.ee\/lennusadam\/events\/sunergiaseminar-muuseumid-laste-ja-noorte-karjaariteadlikkuse-toetajana\/"]}]},{"@type":"ImageObject","inLanguage":"et","@id":"https:\/\/meremuuseum.ee\/lennusadam\/events\/sunergiaseminar-muuseumid-laste-ja-noorte-karjaariteadlikkuse-toetajana\/#primaryimage","url":"https:\/\/meremuuseum.ee\/lennusadam\/wp-content\/uploads\/sites\/4\/2025\/06\/koduk_synergiaseminarls_2025_853x533px.jpg","contentUrl":"https:\/\/meremuuseum.ee\/lennusadam\/wp-content\/uploads\/sites\/4\/2025\/06\/koduk_synergiaseminarls_2025_853x533px.jpg","width":856,"height":537},{"@type":"BreadcrumbList","@id":"https:\/\/meremuuseum.ee\/lennusadam\/events\/sunergiaseminar-muuseumid-laste-ja-noorte-karjaariteadlikkuse-toetajana\/#breadcrumb","itemListElement":[{"@type":"ListItem","position":1,"name":"Home","item":"https:\/\/meremuuseum.ee\/lennusadam\/"},{"@type":"ListItem","position":2,"name":"\u00dcritused","item":"https:\/\/meremuuseum.ee\/lennusadam\/events\/"},{"@type":"ListItem","position":3,"name":"S\u00fcnergiaseminar: muuseumid laste ja noorte karj\u00e4\u00e4riteadlikkuse toetajana"}]},{"@type":"WebSite","@id":"https:\/\/meremuuseum.ee\/lennusadam\/#website","url":"https:\/\/meremuuseum.ee\/lennusadam\/","name":"Lennusadam","description":"","potentialAction":[{"@type":"SearchAction","target":{"@type":"EntryPoint","urlTemplate":"https:\/\/meremuuseum.ee\/lennusadam\/?s={search_term_string}"},"query-input":{"@type":"PropertyValueSpecification","valueRequired":true,"valueName":"search_term_string"}}],"inLanguage":"et"}]}},"uagb_featured_image_src":{"full":false,"thumbnail":false,"medium":false,"medium_large":false,"large":false,"1536x1536":false,"2048x2048":false,"small":false,"custom-size":false,"post-preview":false,"gform-image-choice-sm":false,"gform-image-choice-md":false,"gform-image-choice-lg":false},"uagb_author_info":{"display_name":"ly","author_link":"https:\/\/meremuuseum.ee\/lennusadam\/author\/ly\/"},"uagb_comment_info":0,"uagb_excerpt":"13. november kell 11.00 &#8211; 17.00 Lennusadama seminariruumis Sireen 13. novembril 2025 ootab Eesti Meremuuseum kaasa m\u00f5tlema karj\u00e4\u00e4riteadlikkuse teemadel. On teada, et muuseumites, keskkonnahariduskeskustes jt teadus- ja kultuuriasutustes v\u00f5ivad lapsed...","featured_img":false,"coauthors":[],"author_meta":{"author_link":"https:\/\/meremuuseum.ee\/lennusadam\/author\/ly\/","display_name":"ly"},"relative_dates":{"created":"Posted 11 kuud ago","modified":"Updated 7 kuud ago"},"absolute_dates":{"created":"Posted on juuni 12, 2025","modified":"Updated on oktoober 15, 2025"},"absolute_dates_time":{"created":"Posted on juuni 12, 2025 4:04 e.l.","modified":"Updated on oktoober 15, 2025 1:36 p.l."},"featured_img_caption":"","tax_additional":{"post_tag":{"linked":["<a href=\"https:\/\/meremuuseum.ee\/lennusadam\/tag\/seminar\/\" class=\"advgb-post-tax-term\">Seminar<\/a>"],"unlinked":["<span class=\"advgb-post-tax-term\">Seminar<\/span>"],"slug":"post_tag","name":"Sildid"},"events_categories":{"linked":[],"unlinked":[],"slug":"events_categories","name":"Rubriigid"}},"series_order":"","_links":{"self":[{"href":"https:\/\/meremuuseum.ee\/lennusadam\/wp-json\/wp\/v2\/events\/5982","targetHints":{"allow":["GET"]}}],"collection":[{"href":"https:\/\/meremuuseum.ee\/lennusadam\/wp-json\/wp\/v2\/events"}],"about":[{"href":"https:\/\/meremuuseum.ee\/lennusadam\/wp-json\/wp\/v2\/types\/events"}],"wp:attachment":[{"href":"https:\/\/meremuuseum.ee\/lennusadam\/wp-json\/wp\/v2\/media?parent=5982"}],"wp:term":[{"taxonomy":"post_tag","embeddable":true,"href":"https:\/\/meremuuseum.ee\/lennusadam\/wp-json\/wp\/v2\/tags?post=5982"},{"taxonomy":"events_categories","embeddable":true,"href":"https:\/\/meremuuseum.ee\/lennusadam\/wp-json\/wp\/v2\/events_categories?post=5982"}],"curies":[{"name":"wp","href":"https:\/\/api.w.org\/{rel}","templated":true}]}}